{"id":18,"date":"2020-03-25T19:13:06","date_gmt":"2020-03-25T19:13:06","guid":{"rendered":"http:\/\/st-vitus-teisbach.de\/?page_id=18"},"modified":"2020-03-25T20:24:17","modified_gmt":"2020-03-25T20:24:17","slug":"datenschutz","status":"publish","type":"page","link":"https:\/\/st-vitus-teisbach.de\/?page_id=18","title":{"rendered":"Datenschutz"},"content":{"rendered":"<p>\n<!--StartFragment--><\/p>\n\n\n<h4 class=\"wp-block-heading\">Datenschutz<\/h4>\n\n\n\n<p><strong>Gesetz \u00fcber den kirchlichen Datenschutz als pdf zum <\/strong><a href=\"https:\/\/www.datenschutz-kirche.de\/sites\/default\/files\/KDG%20i.d.%20Fassung%20des%20Beschlusses%20der%20VV%20vom%2020.11.2017.pdf\"><strong>Download<\/strong><\/a><\/p>\n\n\n\n<p><strong>Betriebliche Datenschutzbeauftragte:<\/strong><\/p>\n\n\n\n<p>Fachstelle Datenschutz der Di\u00f6zese Regensburg<br>\nNiederm\u00fcnstergasse 1<br>\n93047 Regensburg<br>\nTelefon: +49 941 597-1027<br>\nE-Mail:&nbsp;<a href=\"mailto:datenschutz@bistum-regensburg.de\">datenschutz.bo@bistum-regensburg.de<\/a><\/p>\n\n\n\n<p><strong>Datenschutzbeauftragter der Bayer. (Erz-)Di\u00f6zesen (Datenschutzaufsicht):<\/strong><\/p>\n\n\n\n<p>Herr Jupp Joachimski<br>\nKapellenstra\u00dfe 4<br>\n80333 M\u00fcnchen<\/p>\n\n\n\n<p>Telefon:&nbsp; &nbsp; &nbsp; &nbsp; &nbsp;<a href=\"tel:+49%2089%202137-1796\">+49 89 2137-1796<\/a><br>\nTelefax:&nbsp; &nbsp; &nbsp; &nbsp; &nbsp;+49 89 2137-1585<br>\nE-Mail:&nbsp;&nbsp;&nbsp;&nbsp;&nbsp;&nbsp;&nbsp;&nbsp;&nbsp;&nbsp; <a href=\"mailto:jjoachimski@eomuc.de\">jjoachimski@eomuc.de<\/a><\/p>\n\n\n\n<p><strong>\u00a7 1 Information \u00fcber die Erhebung personenbezogener Daten<\/strong><\/p>\n\n\n\n<p>(1) Im Folgenden informieren wir \u00fcber die Erhebung personenbezogener \nDaten bei Nutzung unserer Onlinedienste. Personenbezogene Daten sind \nalle Daten, die auf Sie pers\u00f6nlich beziehbar sind, z. B. Name, Adresse, \nE-Mail-Adressen, Nutzerverhalten.<\/p>\n\n\n\n<p>(2) Verantwortlicher gem. \u00a7 4 Nr. 9 des Gesetzes \u00fcber den Kirchlichen\n Datenschutz (KDG)&nbsp;sind die angef\u00fchrten Kirchenstiftungen (siehe unser \nImpressum). Unseren Datenschutzbeauftragten erreichen Sie unter <a href=\"mailto:datenschutz.pfarreien@bistum-regensburg.de\">datenschutz.pfarreien@bistum-regensburg.de<\/a>\n oder Bisch\u00f6fliches Ordinariat Regensburg \u2013 HA 1 Zentrale Aufgaben\/ \nGeneralvikariat \u2013 Fachstelle Datenschutz, Herr Gerhard Bielmeier, \nNiederm\u00fcnstergasse 1,&nbsp;93047 Regensburg.<\/p>\n\n\n\n<p>(3) Bei Ihrer Kontaktaufnahme mit uns per E-Mail oder \u00fcber ein \nKontaktformular werden die von Ihnen mitgeteilten Daten (Ihre \nE-Mail-Adresse, ggf. Ihr Name und Ihre Telefonnummer) von uns \ngespeichert, um Ihre Fragen zu beantworten. Die in diesem Zusammenhang \nanfallenden Daten l\u00f6schen wir, nachdem die Speicherung nicht mehr \nerforderlich ist, oder schr\u00e4nken die Verarbeitung ein, falls gesetzliche\n Aufbewahrungspflichten bestehen.<\/p>\n\n\n\n<p>(4) Falls wir f\u00fcr einzelne Funktionen unseres Angebots auf \nbeauftragte Dienstleister zur\u00fcckgreifen oder Ihre Daten f\u00fcr werbliche \nZwecke nutzen m\u00f6chten, werden wir Sie untenstehend im Detail \u00fcber die \njeweiligen Vorg\u00e4nge informieren. Dabei nennen wir auch die festgelegten \nKriterien der Speicherdauer.<\/p>\n\n\n\n<p><strong>\u00a7 2 Ihre Rechte<\/strong><\/p>\n\n\n\n<p>(1) Sie haben gegen\u00fcber uns folgende Rechte hinsichtlich der Sie betreffenden personenbezogenen Daten:<\/p>\n\n\n\n<p>\u2013&nbsp;&nbsp;&nbsp;&nbsp;&nbsp;&nbsp;&nbsp;&nbsp;&nbsp; Recht auf Auskunft,<br>\n\u2013&nbsp;&nbsp;&nbsp;&nbsp;&nbsp;&nbsp;&nbsp;&nbsp;&nbsp; Recht auf Berichtigung oder L\u00f6schung,<br>\n\u2013&nbsp;&nbsp;&nbsp;&nbsp;&nbsp;&nbsp;&nbsp;&nbsp;&nbsp; Recht auf Einschr\u00e4nkung der Verarbeitung,<br>\n\u2013&nbsp;&nbsp;&nbsp;&nbsp;&nbsp;&nbsp;&nbsp;&nbsp;&nbsp; Recht auf Widerspruch gegen die Verarbeitung,<br>\n\u2013&nbsp;&nbsp;&nbsp;&nbsp;&nbsp;&nbsp;&nbsp;&nbsp;&nbsp; Recht auf Daten\u00fcbertragbarkeit.<\/p>\n\n\n\n<p>(2) Sie haben zudem das Recht, sich bei einer \nDatenschutz-Aufsichtsbeh\u00f6rde \u00fcber die Verarbeitung Ihrer \npersonenbezogenen Daten durch uns zu beschweren.<\/p>\n\n\n\n<p><strong>\u00a7 3 Erhebung personenbezogener Daten bei Besuch unserer Website<\/strong><\/p>\n\n\n\n<p>(1) Bei der blo\u00df informatorischen Nutzung unserer Onlinedienste, also\n wenn Sie sich nicht registrieren oder uns anderweitig Informationen \n\u00fcbermitteln, erheben wir nur die personenbezogenen Daten, die Ihr \nBrowser an unseren Server \u00fcbermittelt. Wenn Sie unsere Website \nbetrachten m\u00f6chten, erheben wir die folgenden Daten, die f\u00fcr uns \ntechnisch erforderlich sind, um Ihnen unsere Website anzuzeigen und die \nStabilit\u00e4t und Sicherheit zu gew\u00e4hrleisten (Rechtsgrundlage ist \u00a7&nbsp;6 \nAbs.&nbsp;1 lit. g KDG):<\/p>\n\n\n\n<p>\u2013&nbsp;&nbsp;&nbsp;&nbsp;&nbsp;&nbsp;&nbsp;&nbsp;&nbsp; IP-Adresse<br>\n\u2013&nbsp;&nbsp;&nbsp;&nbsp;&nbsp;&nbsp;&nbsp;&nbsp;&nbsp; Datum und Uhrzeit der Anfrage<br>\n\u2013&nbsp;&nbsp;&nbsp;&nbsp;&nbsp;&nbsp;&nbsp;&nbsp;&nbsp; Zeitzonendifferenz zur Greenwich Mean Time (GMT)<br>\n\u2013&nbsp;&nbsp;&nbsp;&nbsp;&nbsp;&nbsp;&nbsp;&nbsp;&nbsp; Inhalt der Anforderung (konkrete Seite)<br>\n\u2013&nbsp;&nbsp;&nbsp;&nbsp;&nbsp;&nbsp;&nbsp;&nbsp;&nbsp; Zugriffsstatus\/HTTP-Statuscode<br>\n\u2013&nbsp;&nbsp;&nbsp;&nbsp;&nbsp;&nbsp;&nbsp;&nbsp;&nbsp; jeweils \u00fcbertragene Datenmenge<br>\n\u2013&nbsp;&nbsp;&nbsp;&nbsp;&nbsp;&nbsp;&nbsp;&nbsp;&nbsp; Website, von der die Anforderung kommt<br>\n\u2013&nbsp;&nbsp;&nbsp;&nbsp;&nbsp;&nbsp;&nbsp;&nbsp;&nbsp; Browser<br>\n\u2013&nbsp;&nbsp;&nbsp;&nbsp;&nbsp;&nbsp;&nbsp;&nbsp;&nbsp; Betriebssystem und dessen Oberfl\u00e4che<br>\n\u2013&nbsp;&nbsp;&nbsp;&nbsp;&nbsp;&nbsp;&nbsp;&nbsp;&nbsp; Sprache und Version der Browsersoftware.<\/p>\n\n\n\n<p>(2) Zus\u00e4tzlich zu den zuvor genannten Daten werden bei Ihrer Nutzung \nunserer Website Cookies auf Ihrem Rechner gespeichert. Bei Cookies \nhandelt es sich um kleine Textdateien, die auf Ihrer Festplatte dem von \nIhnen verwendeten Browser zugeordnet gespeichert werden und durch welche\n der Stelle, die das Cookie setzt (hier durch uns), bestimmte \nInformationen zuflie\u00dfen. Cookies k\u00f6nnen keine Programme ausf\u00fchren oder \nViren auf Ihren Computer \u00fcbertragen. Sie dienen dazu, das \nInternetangebot insgesamt nutzerfreundlicher und effektiver zu machen.<\/p>\n\n\n\n<p>(3) Einsatz von Cookies:<br>\na) Diese Webseite nutzt folgende Arten von Cookies, deren Umfang und Funktionsweise im Folgenden erl\u00e4utert werden:<br>\n\u2013&nbsp;&nbsp;&nbsp;&nbsp;&nbsp;&nbsp;&nbsp;&nbsp;&nbsp; Transiente Cookies (dazu b)<br>\n\u2013&nbsp;&nbsp;&nbsp;&nbsp;&nbsp;&nbsp;&nbsp;&nbsp;&nbsp; Persistente Cookies (dazu c).<br>\nb) Transiente Cookies werden automatisiert gel\u00f6scht, wenn Sie den \nBrowser schlie\u00dfen. Dazu z\u00e4hlen insbesondere die Session-Cookies. Diese \nspeichern eine sogenannte Session-ID, mit welcher sich verschiedene \nAnfragen Ihres Browsers der gemeinsamen Sitzung zuordnen lassen. Dadurch\n kann Ihr Rechner wiedererkannt werden, wenn Sie auf unsere Website \nzur\u00fcckkehren. Die Session-Cookies werden gel\u00f6scht, wenn Sie sich \nausloggen oder den Browser schlie\u00dfen.<br>\nc) Persistente Cookies werden automatisiert nach einer vorgegebenen \nDauer gel\u00f6scht, die sich je nach Cookie unterscheiden kann. Sie k\u00f6nnen \ndie Cookies in den Sicherheitseinstellungen Ihres Browsers jederzeit \nl\u00f6schen.<br>\nd) Sie k\u00f6nnen Ihre Browser-Einstellung entsprechend Ihren W\u00fcnschen \nkonfigurieren und z. B. die Annahme von Third-Party-Cookies oder allen \nCookies ablehnen. Wir weisen Sie darauf hin, dass Sie eventuell nicht \nalle Funktionen dieser Website nutzen k\u00f6nnen.<br>\ne) Wir setzen Cookies ein, um Sie f\u00fcr Folgebesuche identifizieren zu \nk\u00f6nnen, falls Sie \u00fcber einen Account bei uns verf\u00fcgen. Andernfalls \nm\u00fcssten Sie sich f\u00fcr jeden Besuch erneut einloggen.<\/p>\n\n\n\n<p><strong>\u00a7 4 Weitere Funktionen und Angebote<\/strong><\/p>\n\n\n\n<p><strong>(<\/strong>1) Neben der rein informatorischen Nutzung unserer \nOnlinedienste bieten wir verschiedene Leistungen an, die Sie bei \nInteresse nutzen k\u00f6nnen. Dazu m\u00fcssen Sie in der Regel weitere \npersonenbezogene Daten angeben, die wir zur Erbringung der jeweiligen \nLeistung nutzen und f\u00fcr die die zuvor genannten Grunds\u00e4tze zur \nDatenverarbeitung gelten.<\/p>\n\n\n\n<p>(2) Teilweise bedienen wir uns zur Verarbeitung Ihrer Daten externer \nDienstleister. Diese wurden von uns sorgf\u00e4ltig ausgew\u00e4hlt und \nbeauftragt, sind an unsere Weisungen gebunden und werden regelm\u00e4\u00dfig \nkontrolliert.<\/p>\n\n\n\n<p>(3) Weiterhin k\u00f6nnen wir Ihre personenbezogenen Daten an Dritte \nweitergeben, wenn Aktionsteilnahmen, Gewinnspiele, Vertragsabschl\u00fcsse \noder \u00e4hnliche Leistungen von uns gemeinsam mit Partnern angeboten \nwerden. N\u00e4here Informationen hierzu erhalten Sie bei Angabe Ihrer \npersonenbezogenen Daten oder untenstehend in der Beschreibung des \nAngebotes.<\/p>\n\n\n\n<p>(4) Soweit unsere Dienstleister oder Partner ihren Sitz in einem \nStaat au\u00dferhalb des Europ\u00e4ischen Wirtschaftsraumen (EWR) haben, \ninformieren wir Sie \u00fcber die Folgen dieses Umstands in der Beschreibung \ndes Angebotes.<\/p>\n\n\n\n<p><strong>\u00a7 5 Widerspruch oder Widerruf gegen die Verarbeitung Ihrer Daten<\/strong><\/p>\n\n\n\n<p>(1) Falls Sie eine Einwilligung zur Verarbeitung Ihrer Daten erteilt \nhaben, k\u00f6nnen Sie diese jederzeit widerrufen. Ein solcher Widerruf \nbeeinflusst die Zul\u00e4ssigkeit der Verarbeitung Ihrer personenbezogenen \nDaten, nachdem Sie ihn gegen\u00fcber uns ausgesprochen haben.<\/p>\n\n\n\n<p>(2) Soweit wir die Verarbeitung Ihrer personenbezogenen Daten auf die\n Interessenabw\u00e4gung st\u00fctzen, k\u00f6nnen Sie Widerspruch gegen die \nVerarbeitung einlegen. Dies ist der Fall, wenn die Verarbeitung \ninsbesondere nicht zur Erf\u00fcllung eines Vertrags mit Ihnen erforderlich \nist, was von uns jeweils bei der nachfolgenden Beschreibung der \nFunktionen dargestellt wird. Bei Aus\u00fcbung eines solchen Widerspruchs \nbitten wir um Darlegung der Gr\u00fcnde, weshalb wir Ihre personenbezogenen \nDaten nicht wie von uns durchgef\u00fchrt verarbeiten sollten. Im Falle Ihres\n begr\u00fcndeten Widerspruchs pr\u00fcfen wir die Sachlage und werden entweder \ndie Datenverarbeitung einstellen bzw. anpassen oder Ihnen unsere \nzwingenden schutzw\u00fcrdigen Gr\u00fcnde aufzeigen, aufgrund derer wir die \nVerarbeitung fortf\u00fchren.<\/p>\n\n\n\n<p>(3) Selbstverst\u00e4ndlich k\u00f6nnen Sie der Verarbeitung Ihrer \npersonenbezogenen Daten f\u00fcr Zwecke der Werbung und Datenanalyse \njederzeit widersprechen. \u00dcber Ihren Werbewiderspruch k\u00f6nnen Sie uns \nunter folgenden Kontaktdaten informieren:<\/p>\n\n\n\n<p>Pfarramt St. Vitus, Teisbach<br>Teisbach<br>Kirchplatz 3<br>84130 Dingolfing<\/p>\n\n\n\n<p>Tel. +49 8731 60686<br> Fax +49 8731 312191 <br> E-Mail: <a href=\"mailto:st-vitus.teisbach@kirche-bayern.de\">st-vitus.teisbach@kirche-bayern.de<\/a><\/p>\n\n\n\n<p><strong>\u00a7 6 Einsatz von Google Analytics<\/strong><\/p>\n\n\n\n<p>(1)&nbsp;&nbsp;&nbsp;&nbsp;&nbsp;&nbsp; Diese Website benutzt Google Analytics, einen \nWebanalysedienst der Google Inc. (\u201eGoogle\u201c). Google Analytics verwendet \nsog. \u201eCookies\u201c, Textdateien, die auf Ihrem Computer gespeichert werden \nund die eine Analyse der Benutzung der Website durch Sie erm\u00f6glichen. \nDie durch das Cookie erzeugten Informationen \u00fcber Ihre Benutzung dieser \nWebsite werden in der Regel an einen Server von Google in den USA \n\u00fcbertragen und dort gespeichert. Im Falle der Aktivierung der \nIP-Anonymisierung auf dieser Website, wird Ihre IP-Adresse von Google \njedoch innerhalb von Mitgliedstaaten der Europ\u00e4ischen Union oder in \nanderen Vertragsstaaten des Abkommens \u00fcber den Europ\u00e4ischen \nWirtschaftsraum zuvor gek\u00fcrzt. Nur in Ausnahmef\u00e4llen wird die volle \nIP-Adresse an einen Server von Google in den USA \u00fcbertragen und dort \ngek\u00fcrzt. Im Auftrag des Betreibers dieser Website wird Google diese \nInformationen benutzen, um Ihre Nutzung der Website auszuwerten, um \nReports \u00fcber die Website-Aktivit\u00e4ten zusammenzustellen und um weitere \nmit der Website-Nutzung und der Internetnutzung verbundene \nDienstleistungen gegen\u00fcber dem Website-Betreiber zu erbringen.<\/p>\n\n\n\n<p>(2)&nbsp;&nbsp;&nbsp;&nbsp;&nbsp;&nbsp; Die im Rahmen von Google Analytics von Ihrem Browser \n\u00fcbermittelte IP-Adresse wird nicht mit anderen Daten von Google \nzusammengef\u00fchrt.<\/p>\n\n\n\n<p>(3) Sie k\u00f6nnen die Speicherung der Cookies durch eine entsprechende \nEinstellung Ihrer Browser-Software verhindern; wir weisen Sie jedoch \ndarauf hin, dass Sie in diesem Fall gegebenenfalls nicht s\u00e4mtliche \nFunktionen dieser Website vollumf\u00e4nglich werden nutzen k\u00f6nnen. Sie \nk\u00f6nnen dar\u00fcber hinaus die Erfassung der durch das Cookie erzeugten und \nauf Ihre Nutzung der Website bezogenen Daten (inkl. Ihrer IP-Adresse) an\n Google sowie die Verarbeitung dieser Daten durch Google verhindern, \nindem sie das unter dem folgenden Link verf\u00fcgbare Browser-Plug-in \nherunterladen und installieren: \nhttp:\/\/tools.google.com\/dlpage\/gaoptout?hl=de.<\/p>\n\n\n\n<p>(4)&nbsp;&nbsp;&nbsp;&nbsp;&nbsp;&nbsp; Diese Website verwendet Google Analytics mit der \nErweiterung \u201e_anonymizeIp()\u201c. Dadurch werden IP-Adressen gek\u00fcrzt \nweiterverarbeitet, eine Personenbeziehbarkeit kann damit ausgeschlossen \nwerden. Soweit den \u00fcber Sie erhobenen Daten ein Personenbezug zukommt, \nwird dieser also sofort ausgeschlossen und die personenbezogenen Daten \ndamit umgehend gel\u00f6scht.<\/p>\n\n\n\n<p>(5)&nbsp;&nbsp;&nbsp;&nbsp;&nbsp;&nbsp; Wir nutzen Google Analytics, um die Nutzung unserer Website\n analysieren und regelm\u00e4\u00dfig verbessern zu k\u00f6nnen. \u00dcber die gewonnenen \nStatistiken k\u00f6nnen wir unser Angebot verbessern und f\u00fcr Sie als Nutzer \ninteressanter ausgestalten. F\u00fcr die Ausnahmef\u00e4lle, in denen \npersonenbezogene Daten in die USA \u00fcbertragen werden, hat sich Google dem\n EU-US Privacy Shield unterworfen, \nhttps:\/\/www.privacyshield.gov\/EU-US-Framework. Rechtsgrundlage f\u00fcr die \nNutzung von Google Analytics ist \u00a7&nbsp;6 Abs.&nbsp;1 lit. g KDG.<\/p>\n\n\n\n<p>(6)&nbsp;&nbsp;&nbsp;&nbsp;&nbsp;&nbsp; Informationen des Drittanbieters: Google Dublin, Google \nIreland Ltd., Gordon House, Barrow Street, Dublin 4, Ireland, Fax: +353 \n(1) 436 1001. Nutzerbedingungen: \nhttp:\/\/www.google.com\/analytics\/terms\/de.html, \u00dcbersicht zum \nDatenschutz: http:\/\/www.google.com\/intl\/de\/analytics\/learn\/privacy.html,\n sowie die Datenschutzerkl\u00e4rung: \nhttp:\/\/www.google.de\/intl\/de\/policies\/privacy.<\/p>\n\n\n\n<p>(7) Diese Website verwendet Google Analytics zudem f\u00fcr eine \nger\u00e4te\u00fcbergreifende Analyse von Besucherstr\u00f6men, die \u00fcber eine User-ID \ndurchgef\u00fchrt wird. Sie k\u00f6nnen in Ihrem Kundenkonto unter \u201eMeine Daten\u201c, \n\u201epers\u00f6nliche Daten\u201c die ger\u00e4te\u00fcbergreifende Analyse Ihrer Nutzung \ndeaktivieren.<\/p>\n\n\n\n<p><strong>\u00a7 7 Einsatz von Jetpack\/ehem. WordPress.com-Stats<\/strong><\/p>\n\n\n\n<p>(1)&nbsp;&nbsp;&nbsp;&nbsp;&nbsp;&nbsp; Diese Website nutzt den Webanalysedienst Jetpack (fr\u00fcher: \nWordPress.com-Stats), um die Nutzung unserer Website analysieren und \nregelm\u00e4\u00dfig verbessern zu k\u00f6nnen. \u00dcber die gewonnenen Statistiken k\u00f6nnen \nwir unser Angebot verbessern und f\u00fcr Sie als Nutzer interessanter \nausgestalten. Weiterhin nutzen wir das System f\u00fcr Ma\u00dfnahmen zum Schutz \nder Sicherheit der Website, z. B. dem Erkennen von Angriffen oder Viren.\n F\u00fcr die Ausnahmef\u00e4lle, in denen personenbezogene Daten in die USA \n\u00fcbertragen werden, hat sich Automattic Inc. dem EU-US Privacy Shield \nunterworfen, https:\/\/www.privacyshield.gov.&nbsp;Rechtsgrundlage f\u00fcr die \nNutzung von Jetpack ist \u00a7&nbsp;6 Abs.&nbsp;1 lit. g KDG.<\/p>\n\n\n\n<p>(2)&nbsp;&nbsp;&nbsp;&nbsp;&nbsp;&nbsp; F\u00fcr diese Auswertung werden Cookies (n\u00e4heres dazu in \u00a7&nbsp;3) \nauf Ihrem Computer gespeichert. Die so erhobenen Informationen werden \nauf einem Server in den USA gespeichert. Wenn Sie die Speicherung der \nCookies verhindern, weisen wir darauf hin, dass Sie gegebenenfalls diese\n Website nicht vollumf\u00e4nglich nutzen k\u00f6nnen. Die Verhinderung der \nSpeicherung von Cookies ist m\u00f6glich durch die Einstellung in ihrem \nBrowser oder indem Sie den Button \u201eClick here to Opt-out\u201c unter \nhttp:\/\/www.quantcast.com\/opt-out bet\u00e4tigen.<\/p>\n\n\n\n<p>(3)&nbsp;&nbsp;&nbsp;&nbsp;&nbsp;&nbsp; Diese Website verwendet Jetpack mit einer Erweiterung, \ndurch die IP-Adressen direkt nach ihrer Erhebung gek\u00fcrzt \nweiterverarbeitet werden, um so eine Personenbeziehbarkeit \nauszuschlie\u00dfen.<\/p>\n\n\n\n<p>(4)&nbsp;&nbsp;&nbsp;&nbsp;&nbsp;&nbsp; Informationen des Drittanbieters: Automattic Inc., 60 29 th\n Street #343, San Francisco, CA 94110\u20134929, USA, \nhttps:\/\/automattic.com\/privacy, sowie des Drittanbieters der \nTrackingtechnologie: Quantcast Inc., 201 3 rd St, Floor 2, San \nFrancisco, CA 94103\u20133153, USA, <a href=\"https:\/\/www.quantcast.com\/privacy\">https:\/\/www.quantcast.com\/privacy<\/a>.<\/p>\n\n\n\n<p><strong>\u00a7 8 Einbindung von Google Maps<\/strong><\/p>\n\n\n\n<p>(1)&nbsp;&nbsp;&nbsp;&nbsp;&nbsp;&nbsp; Auf dieser Webseite nutzen wir das Angebot von Google Maps.\n Dadurch k\u00f6nnen wir Ihnen interaktive Karten direkt in der Website \nanzeigen und erm\u00f6glichen Ihnen die komfortable Nutzung der \nKarten-Funktion.<\/p>\n\n\n\n<p>(2)&nbsp;&nbsp;&nbsp;&nbsp;&nbsp;&nbsp; Durch den Besuch auf der Website erh\u00e4lt Google die \nInformation, dass Sie die entsprechende Unterseite unserer Website \naufgerufen haben. Zudem werden die unter \u00a7&nbsp;3 dieser Erkl\u00e4rung genannten \nDaten \u00fcbermittelt. Dies erfolgt unabh\u00e4ngig davon, ob Google ein \nNutzerkonto bereitstellt, \u00fcber das Sie eingeloggt sind, oder ob kein \nNutzerkonto besteht. Wenn Sie bei Google eingeloggt sind, werden Ihre \nDaten direkt Ihrem Konto zugeordnet. Wenn Sie die Zuordnung mit Ihrem \nProfil bei Google nicht w\u00fcnschen, m\u00fcssen Sie sich vor Aktivierung des \nButtons ausloggen. Google speichert Ihre Daten als Nutzungsprofile und \nnutzt sie f\u00fcr Zwecke der Werbung, Marktforschung und\/oder \nbedarfsgerechten Gestaltung seiner Website. Eine solche Auswertung \nerfolgt insbesondere (selbst f\u00fcr nicht eingeloggte Nutzer) zur \nErbringung von bedarfsgerechter Werbung und um andere Nutzer des \nsozialen Netzwerks \u00fcber Ihre Aktivit\u00e4ten auf unserer Website zu \ninformieren. Ihnen steht ein Widerspruchsrecht zu gegen die Bildung \ndieser Nutzerprofile, wobei Sie sich zur Aus\u00fcbung dessen an Google \nrichten m\u00fcssen.<\/p>\n\n\n\n<p>(3)&nbsp;&nbsp;&nbsp;&nbsp;&nbsp;&nbsp; Weitere Informationen zu Zweck und Umfang der Datenerhebung\n und ihrer Verarbeitung durch den Plug-in-Anbieter erhalten Sie in den \nDatenschutzerkl\u00e4rungen des Anbieters. Dort erhalten Sie auch weitere \nInformationen zu Ihren diesbez\u00fcglichen Rechten und \nEinstellungsm\u00f6glichkeiten zum Schutze Ihrer Privatsph\u00e4re: \nhttp:\/\/www.google.de\/intl\/de\/policies\/privacy. Google verarbeitet Ihre \npersonenbezogenen Daten auch in den USA und hat sich dem EU-US Privacy \nShield unterworfen, <a href=\"https:\/\/www.privacyshield.gov\/EU-US-Framework\">https:\/\/www.privacyshield.gov\/EU-US-Framework<\/a>.<\/p>\n\n\n<p><!--EndFragment--><\/p><div class=\"pvc_clear\"><\/div><p id=\"pvc_stats_18\" class=\"pvc_stats all  \" data-element-id=\"18\" style=\"\"><i class=\"pvc-stats-icon medium\" aria-hidden=\"true\"><svg aria-hidden=\"true\" focusable=\"false\" data-prefix=\"far\" data-icon=\"chart-bar\" role=\"img\" xmlns=\"http:\/\/www.w3.org\/2000\/svg\" viewBox=\"0 0 512 512\" class=\"svg-inline--fa fa-chart-bar fa-w-16 fa-2x\"><path fill=\"currentColor\" d=\"M396.8 352h22.4c6.4 0 12.8-6.4 12.8-12.8V108.8c0-6.4-6.4-12.8-12.8-12.8h-22.4c-6.4 0-12.8 6.4-12.8 12.8v230.4c0 6.4 6.4 12.8 12.8 12.8zm-192 0h22.4c6.4 0 12.8-6.4 12.8-12.8V140.8c0-6.4-6.4-12.8-12.8-12.8h-22.4c-6.4 0-12.8 6.4-12.8 12.8v198.4c0 6.4 6.4 12.8 12.8 12.8zm96 0h22.4c6.4 0 12.8-6.4 12.8-12.8V204.8c0-6.4-6.4-12.8-12.8-12.8h-22.4c-6.4 0-12.8 6.4-12.8 12.8v134.4c0 6.4 6.4 12.8 12.8 12.8zM496 400H48V80c0-8.84-7.16-16-16-16H16C7.16 64 0 71.16 0 80v336c0 17.67 14.33 32 32 32h464c8.84 0 16-7.16 16-16v-16c0-8.84-7.16-16-16-16zm-387.2-48h22.4c6.4 0 12.8-6.4 12.8-12.8v-70.4c0-6.4-6.4-12.8-12.8-12.8h-22.4c-6.4 0-12.8 6.4-12.8 12.8v70.4c0 6.4 6.4 12.8 12.8 12.8z\" class=\"\"><\/path><\/svg><\/i> <img loading=\"lazy\" decoding=\"async\" width=\"16\" height=\"16\" alt=\"Loading\" src=\"https:\/\/st-vitus-teisbach.de\/wp-content\/plugins\/page-views-count\/ajax-loader-2x.gif\" border=0 \/><\/p><div class=\"pvc_clear\"><\/div>","protected":false},"excerpt":{"rendered":"<p>Datenschutz Gesetz \u00fcber den kirchlichen Datenschutz als pdf zum Download Betriebliche Datenschutzbeauftragte: Fachstelle Datenschutz der Di\u00f6zese Regensburg Niederm\u00fcnstergasse 1 93047 Regensburg Telefon: +49 941 597-1027 E-Mail:&nbsp;datenschutz.bo@bistum-regensburg.de Datenschutzbeauftragter der Bayer. (Erz-)Di\u00f6zesen (Datenschutzaufsicht): Herr Jupp Joachimski Kapellenstra\u00dfe 4 80333 M\u00fcnchen Telefon:&nbsp; &nbsp; &nbsp; &nbsp; &nbsp;+49 89 2137-1796 Telefax:&nbsp; &nbsp; &nbsp; &nbsp; &nbsp;+49 89 2137-1585 E-Mail:&nbsp;&nbsp;&nbsp;&nbsp;&nbsp;&nbsp;&nbsp;&nbsp;&nbsp;&nbsp; jjoachimski@eomuc.de \u00a7 [&hellip;]<\/p>\n<div class=\"pvc_clear\"><\/div>\n<p id=\"pvc_stats_18\" class=\"pvc_stats all  \" data-element-id=\"18\" style=\"\"><i class=\"pvc-stats-icon medium\" aria-hidden=\"true\"><svg aria-hidden=\"true\" focusable=\"false\" data-prefix=\"far\" data-icon=\"chart-bar\" role=\"img\" xmlns=\"http:\/\/www.w3.org\/2000\/svg\" viewBox=\"0 0 512 512\" class=\"svg-inline--fa fa-chart-bar fa-w-16 fa-2x\"><path fill=\"currentColor\" d=\"M396.8 352h22.4c6.4 0 12.8-6.4 12.8-12.8V108.8c0-6.4-6.4-12.8-12.8-12.8h-22.4c-6.4 0-12.8 6.4-12.8 12.8v230.4c0 6.4 6.4 12.8 12.8 12.8zm-192 0h22.4c6.4 0 12.8-6.4 12.8-12.8V140.8c0-6.4-6.4-12.8-12.8-12.8h-22.4c-6.4 0-12.8 6.4-12.8 12.8v198.4c0 6.4 6.4 12.8 12.8 12.8zm96 0h22.4c6.4 0 12.8-6.4 12.8-12.8V204.8c0-6.4-6.4-12.8-12.8-12.8h-22.4c-6.4 0-12.8 6.4-12.8 12.8v134.4c0 6.4 6.4 12.8 12.8 12.8zM496 400H48V80c0-8.84-7.16-16-16-16H16C7.16 64 0 71.16 0 80v336c0 17.67 14.33 32 32 32h464c8.84 0 16-7.16 16-16v-16c0-8.84-7.16-16-16-16zm-387.2-48h22.4c6.4 0 12.8-6.4 12.8-12.8v-70.4c0-6.4-6.4-12.8-12.8-12.8h-22.4c-6.4 0-12.8 6.4-12.8 12.8v70.4c0 6.4 6.4 12.8 12.8 12.8z\" class=\"\"><\/path><\/svg><\/i> <img loading=\"lazy\" decoding=\"async\" width=\"16\" height=\"16\" alt=\"Loading\" src=\"https:\/\/st-vitus-teisbach.de\/wp-content\/plugins\/page-views-count\/ajax-loader-2x.gif\" border=0 \/><\/p>\n<div class=\"pvc_clear\"><\/div>\n","protected":false},"author":1,"featured_media":0,"parent":0,"menu_order":0,"comment_status":"closed","ping_status":"closed","template":"","meta":{"ngg_post_thumbnail":0,"footnotes":""},"class_list":["post-18","page","type-page","status-publish","hentry"],"a3_pvc":{"activated":true,"total_views":3561,"today_views":0},"_links":{"self":[{"href":"https:\/\/st-vitus-teisbach.de\/index.php?rest_route=\/wp\/v2\/pages\/18","targetHints":{"allow":["GET"]}}],"collection":[{"href":"https:\/\/st-vitus-teisbach.de\/index.php?rest_route=\/wp\/v2\/pages"}],"about":[{"href":"https:\/\/st-vitus-teisbach.de\/index.php?rest_route=\/wp\/v2\/types\/page"}],"author":[{"embeddable":true,"href":"https:\/\/st-vitus-teisbach.de\/index.php?rest_route=\/wp\/v2\/users\/1"}],"replies":[{"embeddable":true,"href":"https:\/\/st-vitus-teisbach.de\/index.php?rest_route=%2Fwp%2Fv2%2Fcomments&post=18"}],"version-history":[{"count":0,"href":"https:\/\/st-vitus-teisbach.de\/index.php?rest_route=\/wp\/v2\/pages\/18\/revisions"}],"wp:attachment":[{"href":"https:\/\/st-vitus-teisbach.de\/index.php?rest_route=%2Fwp%2Fv2%2Fmedia&parent=18"}],"curies":[{"name":"wp","href":"https:\/\/api.w.org\/{rel}","templated":true}]}}